{"id":46665,"date":"2025-11-12T15:09:54","date_gmt":"2025-11-12T14:09:54","guid":{"rendered":"https:\/\/enjoygroup.es\/?page_id=46665"},"modified":"2026-02-12T13:58:27","modified_gmt":"2026-02-12T12:58:27","slug":"elfundador","status":"publish","type":"page","link":"https:\/\/enjoygroup.es\/de\/elfundador\/","title":{"rendered":"El Fundador"},"content":{"rendered":"<div data-elementor-type=\"wp-page\" data-elementor-id=\"46665\" class=\"elementor elementor-46665\" data-elementor-post-type=\"page\">\n\t\t\t\t<div class=\"elementor-element elementor-element-03f718e e-flex e-con-boxed e-con e-parent\" data-id=\"03f718e\" data-element_type=\"container\" data-e-type=\"container\">\n\t\t\t\t\t<div class=\"e-con-inner\">\n\t\t\t\t<div class=\"elementor-element elementor-element-370ecbe elementor-widget elementor-widget-button\" data-id=\"370ecbe\" data-element_type=\"widget\" data-e-type=\"widget\" data-widget_type=\"button.default\">\n\t\t\t\t<div class=\"elementor-widget-container\">\n\t\t\t\t\t\t\t\t\t<div class=\"elementor-button-wrapper\">\n\t\t\t\t\t<a class=\"elementor-button elementor-button-link elementor-size-sm\" href=\"https:\/\/enjoygroup.es\/de\/\">\n\t\t\t\t\t\t<span class=\"elementor-button-content-wrapper\">\n\t\t\t\t\t\t<span class=\"elementor-button-icon\">\n\t\t\t\t<svg aria-hidden=\"true\" class=\"e-font-icon-svg e-fas-arrow-left\" viewbox=\"0 0 448 512\" xmlns=\"http:\/\/www.w3.org\/2000\/svg\"><path d=\"M257.5 445.1l-22.2 22.2c-9.4 9.4-24.6 9.4-33.9 0L7 273c-9.4-9.4-9.4-24.6 0-33.9L201.4 44.7c9.4-9.4 24.6-9.4 33.9 0l22.2 22.2c9.5 9.5 9.3 25-.4 34.3L136.6 216H424c13.3 0 24 10.7 24 24v32c0 13.3-10.7 24-24 24H136.6l120.5 114.8c9.8 9.3 10 24.8.4 34.3z\"><\/path><\/svg>\t\t\t<\/span>\n\t\t\t\t\t\t\t\t\t<span class=\"elementor-button-text\">Volver a Enjoy Group<\/span>\n\t\t\t\t\t<\/span>\n\t\t\t\t\t<\/a>\n\t\t\t\t<\/div>\n\t\t\t\t\t\t\t\t<\/div>\n\t\t\t\t<\/div>\n\t\t\t\t\t<\/div>\n\t\t\t\t<\/div>\n\t\t<div class=\"elementor-element elementor-element-320e9f1 e-flex e-con-boxed elementor-invisible e-con e-parent\" data-id=\"320e9f1\" data-element_type=\"container\" data-e-type=\"container\" data-settings=\"{&quot;background_background&quot;:&quot;classic&quot;,&quot;animation&quot;:&quot;fadeIn&quot;}\">\n\t\t\t\t\t<div class=\"e-con-inner\">\n\t\t<div class=\"elementor-element elementor-element-c545bbc e-con-full e-flex e-con e-child\" data-id=\"c545bbc\" data-element_type=\"container\" data-e-type=\"container\" data-settings=\"{&quot;background_background&quot;:&quot;classic&quot;}\">\n\t\t<div class=\"elementor-element elementor-element-fc58547 e-con-full e-flex e-con e-child\" data-id=\"fc58547\" data-element_type=\"container\" data-e-type=\"container\" data-settings=\"{&quot;background_background&quot;:&quot;classic&quot;}\">\n\t\t\t\t<div class=\"elementor-element elementor-element-88c87b2 elementor-widget elementor-widget-heading\" data-id=\"88c87b2\" data-element_type=\"widget\" data-e-type=\"widget\" data-widget_type=\"heading.default\">\n\t\t\t\t<div class=\"elementor-widget-container\">\n\t\t\t\t\t<h2 class=\"elementor-heading-title elementor-size-default\">El legado de<\/h2>\t\t\t\t<\/div>\n\t\t\t\t<\/div>\n\t\t\t\t<div class=\"elementor-element elementor-element-1777b37 elementor-widget elementor-widget-heading\" data-id=\"1777b37\" data-element_type=\"widget\" data-e-type=\"widget\" data-widget_type=\"heading.default\">\n\t\t\t\t<div class=\"elementor-widget-container\">\n\t\t\t\t\t<h2 class=\"elementor-heading-title elementor-size-default\">Toni Ferrer<\/h2>\t\t\t\t<\/div>\n\t\t\t\t<\/div>\n\t\t\t\t<\/div>\n\t\t\t\t<div class=\"elementor-element elementor-element-bbba5ce elementor-widget elementor-widget-heading\" data-id=\"bbba5ce\" data-element_type=\"widget\" data-e-type=\"widget\" data-widget_type=\"heading.default\">\n\t\t\t\t<div class=\"elementor-widget-container\">\n\t\t\t\t\t<h2 class=\"elementor-heading-title elementor-size-default\">El hombre que cambi\u00f3 para siempre la forma de vivir Mallorca<\/h2>\t\t\t\t<\/div>\n\t\t\t\t<\/div>\n\t\t\t\t<div class=\"elementor-element elementor-element-366fc39 elementor-widget elementor-widget-text-editor\" data-id=\"366fc39\" data-element_type=\"widget\" data-e-type=\"widget\" data-widget_type=\"text-editor.default\">\n\t\t\t\t<div class=\"elementor-widget-container\">\n\t\t\t\t\t\t\t\t\t<p>Desde sus primeros trabajos en restaurantes de Palma hasta convertirse en un pionero de la hosteler\u00eda y el turismo en Mallorca, <strong>Toni Ferrer<\/strong> dej\u00f3 una huella imborrable. Fundador de <strong>La Luna<\/strong> y del emblem\u00e1tico <strong>Kopi<\/strong>, llev\u00f3 innovaci\u00f3n y tradici\u00f3n a cada proyecto, creando espacios donde locales y turistas compart\u00edan experiencias \u00fanicas.<\/p><p>Hoy, su legado sigue vivo a trav\u00e9s de <strong>Enjoy Group Restaurants<\/strong>, gestionado por sus hijos, que contin\u00faan su filosof\u00eda: pasi\u00f3n, creatividad y hospitalidad, con Mallorca siempre como inspiraci\u00f3n. Porque el \u00e9xito, para Toni, siempre fue dejar huella y compartir la alegr\u00eda de vivir.<\/p>\t\t\t\t\t\t\t\t<\/div>\n\t\t\t\t<\/div>\n\t\t\t\t<\/div>\n\t\t<div class=\"elementor-element elementor-element-38b287a e-con-full e-flex e-con e-child\" data-id=\"38b287a\" data-element_type=\"container\" data-e-type=\"container\" data-settings=\"{&quot;background_background&quot;:&quot;video&quot;,&quot;background_video_link&quot;:&quot;https:\\\/\\\/enjoygroup.es\\\/wp-content\\\/uploads\\\/envato_video_gen_Nov_12_2025_16_25_22.webm&quot;,&quot;background_play_on_mobile&quot;:&quot;yes&quot;}\">\n\t\t<div class=\"elementor-background-video-container\">\n\t\t\t\t\t\t\t<video class=\"elementor-background-video-hosted\" role=\"presentation\" autoplay muted playsinline loop><\/video>\n\t\t\t\t\t<\/div>\t\t<\/div>\n\t\t\t\t\t<\/div>\n\t\t\t\t<\/div>\n\t\t<div class=\"elementor-element elementor-element-0bb57c1 e-flex e-con-boxed elementor-invisible e-con e-parent\" data-id=\"0bb57c1\" data-element_type=\"container\" data-e-type=\"container\" data-settings=\"{&quot;background_background&quot;:&quot;classic&quot;,&quot;animation&quot;:&quot;fadeIn&quot;}\">\n\t\t\t\t\t<div class=\"e-con-inner\">\n\t\t\t\t<div class=\"elementor-element elementor-element-9279d26 elementor-widget elementor-widget-text-editor\" data-id=\"9279d26\" data-element_type=\"widget\" data-e-type=\"widget\" data-widget_type=\"text-editor.default\">\n\t\t\t\t<div class=\"elementor-widget-container\">\n\t\t\t\t\t\t\t\t\t<p>Nacido el <strong>24 de febrero de 1944 en Costitx<\/strong>, <strong>Toni Ferrer<\/strong> creci\u00f3 entre campos, trabajo y sue\u00f1os que iban m\u00e1s all\u00e1 del mundo rural. Desde peque\u00f1o tuvo claro que quer\u00eda encontrar su propio camino. A los seis a\u00f1os, su familia se traslad\u00f3 a <strong>Palme<\/strong>, y con apenas diez, ya trabajaba en <strong>restaurantes locales<\/strong>, sirviendo mesas con una <strong>sonrisa que se convertir\u00eda en su sello de por vida<\/strong>. Aquella temprana vocaci\u00f3n por la hosteler\u00eda no fue fruto del azar, sino de una <strong>pasi\u00f3n innata por las personas, el servicio y la vida compartida alrededor de una mesa<\/strong>.<\/p><p>Sin estudios formales, pero con una enorme <strong>determinaci\u00f3n<\/strong>, Toni entendi\u00f3 que el verdadero aprendizaje estaba en la calle, en los negocios, en las cocinas y en el contacto con los dem\u00e1s. Lo que para otros era sacrificio, para \u00e9l era <strong>oportunidad<\/strong>. <strong>El esfuerzo y la constancia<\/strong> fueron sus herramientas; <strong>la intuici\u00f3n y la curiosidad<\/strong>, sus motores.<\/p>\t\t\t\t\t\t\t\t<\/div>\n\t\t\t\t<\/div>\n\t\t\t\t\t<\/div>\n\t\t\t\t<\/div>\n\t\t<div class=\"elementor-element elementor-element-12c0288 e-flex e-con-boxed e-con e-parent\" data-id=\"12c0288\" data-element_type=\"container\" data-e-type=\"container\">\n\t\t\t\t\t<div class=\"e-con-inner\">\n\t\t\t\t<div class=\"elementor-element elementor-element-85a7f42 elementor-widget elementor-widget-video\" data-id=\"85a7f42\" data-element_type=\"widget\" data-e-type=\"widget\" data-settings=\"{&quot;youtube_url&quot;:&quot;https:\\\/\\\/youtu.be\\\/6-6wX4a71lk&quot;,&quot;video_type&quot;:&quot;youtube&quot;,&quot;controls&quot;:&quot;yes&quot;}\" data-widget_type=\"video.default\">\n\t\t\t\t<div class=\"elementor-widget-container\">\n\t\t\t\t\t\t\t<div class=\"elementor-wrapper elementor-open-inline\">\n\t\t\t<div class=\"elementor-video\"><\/div>\t\t<\/div>\n\t\t\t\t\t\t<\/div>\n\t\t\t\t<\/div>\n\t\t\t\t<div class=\"elementor-element elementor-element-8394de1 elementor-align-right elementor-widget elementor-widget-button\" data-id=\"8394de1\" data-element_type=\"widget\" data-e-type=\"widget\" data-widget_type=\"button.default\">\n\t\t\t\t<div class=\"elementor-widget-container\">\n\t\t\t\t\t\t\t\t\t<div class=\"elementor-button-wrapper\">\n\t\t\t\t\t<a class=\"elementor-button elementor-button-link elementor-size-sm\" href=\"https:\/\/youtu.be\/6-6wX4a71lk\" target=\"_blank\">\n\t\t\t\t\t\t<span class=\"elementor-button-content-wrapper\">\n\t\t\t\t\t\t\t\t\t<span class=\"elementor-button-text\">Ver en YouTube<\/span>\n\t\t\t\t\t<\/span>\n\t\t\t\t\t<\/a>\n\t\t\t\t<\/div>\n\t\t\t\t\t\t\t\t<\/div>\n\t\t\t\t<\/div>\n\t\t\t\t\t<\/div>\n\t\t\t\t<\/div>\n\t\t<div class=\"elementor-element elementor-element-03cb7c8 e-flex e-con-boxed e-con e-parent\" data-id=\"03cb7c8\" data-element_type=\"container\" data-e-type=\"container\" data-settings=\"{&quot;background_background&quot;:&quot;classic&quot;}\">\n\t\t\t\t\t<div class=\"e-con-inner\">\n\t\t\t\t<div class=\"elementor-element elementor-element-657ffd3 elementor-widget elementor-widget-heading\" data-id=\"657ffd3\" data-element_type=\"widget\" data-e-type=\"widget\" data-widget_type=\"heading.default\">\n\t\t\t\t<div class=\"elementor-widget-container\">\n\t\t\t\t\t<h2 class=\"elementor-heading-title elementor-size-default\">De botones a pionero<\/h2>\t\t\t\t<\/div>\n\t\t\t\t<\/div>\n\t\t\t\t<div class=\"elementor-element elementor-element-e97f596 elementor-widget elementor-widget-text-editor\" data-id=\"e97f596\" data-element_type=\"widget\" data-e-type=\"widget\" data-widget_type=\"text-editor.default\">\n\t\t\t\t<div class=\"elementor-widget-container\">\n\t\t\t\t\t\t\t\t\t<p>Con solo <strong>21 a\u00f1os<\/strong>, decidi\u00f3 dejar de trabajar para otros y dar su primer gran paso como <strong>emprendedor<\/strong>. Naci\u00f3 as\u00ed <strong>La Luna<\/strong>, su primer bar-restaurante, levantado con los <strong>ahorros de a\u00f1os de propinas<\/strong> y con la <strong>ilusi\u00f3n intacta<\/strong> de quien sabe que los sue\u00f1os se construyen trabajando.<\/p><p>Poco despu\u00e9s, impulsado por su <strong>esp\u00edritu inquieto<\/strong>, emprendi\u00f3 un <strong>viaje por Europa<\/strong> que cambiar\u00eda su destino. En <strong>Inglaterra<\/strong> trabaj\u00f3 en cocinas, observ\u00f3 tendencias y descubri\u00f3 el potencial de lo que m\u00e1s tarde llevar\u00eda a su isla: la <strong>innovaci\u00f3n constante<\/strong>. Fue all\u00ed donde tuvo la idea de <strong>introducir la pasta \u2014los famosos espaguetis\u2014 en Mallorca<\/strong>, algo impensable en los a\u00f1os sesenta.<\/p><p>Durante ese viaje tambi\u00e9n adquiri\u00f3 <strong>experiencia<\/strong>, aprendiendo <strong>t\u00e9cnicas culinarias<\/strong>, <strong>gesti\u00f3n de restaurantes<\/strong> y <strong>estrategias de atenci\u00f3n al cliente<\/strong> que luego aplicar\u00eda en sus propios negocios. Gracias a esa <strong>formaci\u00f3n pr\u00e1ctica internacional<\/strong>, Toni desarroll\u00f3 un modelo de hosteler\u00eda que combinaba <strong>excelencia, eficiencia y calidez<\/strong>, y que pronto se convirti\u00f3 en <strong>referencia en toda la isla<\/strong>.<\/p><p>Su curiosidad lo llev\u00f3 m\u00e1s lejos, hasta <strong>Alemania<\/strong>, donde qued\u00f3 fascinado por la <strong>cultura de la cerveza<\/strong> y la <strong>camarader\u00eda de las bierg\u00e4rten<\/strong>. A su regreso, decidi\u00f3 romper con las reglas y traer esa experiencia a Mallorca. En <strong>1979 fund\u00f3 el Kopi<\/strong>, la <strong>primera cervecer\u00eda alemana de Espa\u00f1a<\/strong>, marcando un <strong>antes y un despu\u00e9s en la historia de Playa de Palma<\/strong> y en el turismo europeo.<\/p><p>Aquel fue el origen de un fen\u00f3meno: la <strong>calle de la cerveza<\/strong>, la actual <strong>Bierstra\u00dfe<\/strong>, s\u00edmbolo del <strong>intercambio cultural entre Mallorca y Alemania<\/strong>. Lo que comenz\u00f3 como un sue\u00f1o se convirti\u00f3 en una <strong>revoluci\u00f3n empresarial<\/strong> que <strong>posicion\u00f3 la isla en el mapa tur\u00edstico mundial<\/strong>.<\/p>\t\t\t\t\t\t\t\t<\/div>\n\t\t\t\t<\/div>\n\t\t<div class=\"elementor-element elementor-element-483afa0 e-con-full e-flex e-con e-child\" data-id=\"483afa0\" data-element_type=\"container\" data-e-type=\"container\" data-settings=\"{&quot;background_background&quot;:&quot;video&quot;,&quot;background_video_link&quot;:&quot;https:\\\/\\\/enjoygroup.es\\\/wp-content\\\/uploads\\\/TONI-FERRER-VIDEO.webm&quot;,&quot;background_play_on_mobile&quot;:&quot;yes&quot;}\">\n\t\t<div class=\"elementor-background-video-container\">\n\t\t\t\t\t\t\t<video class=\"elementor-background-video-hosted\" role=\"presentation\" autoplay muted playsinline loop><\/video>\n\t\t\t\t\t<\/div>\t\t<\/div>\n\t\t\t\t\t<\/div>\n\t\t\t\t<\/div>\n\t\t<div class=\"elementor-element elementor-element-08a8892 e-flex e-con-boxed e-con e-parent\" data-id=\"08a8892\" data-element_type=\"container\" data-e-type=\"container\" data-settings=\"{&quot;background_background&quot;:&quot;classic&quot;}\">\n\t\t\t\t\t<div class=\"e-con-inner\">\n\t\t\t\t<div class=\"elementor-element elementor-element-bf878e1 elementor-widget elementor-widget-heading\" data-id=\"bf878e1\" data-element_type=\"widget\" data-e-type=\"widget\" data-widget_type=\"heading.default\">\n\t\t\t\t<div class=\"elementor-widget-container\">\n\t\t\t\t\t<h2 class=\"elementor-heading-title elementor-size-default\">Innovador, l\u00edder y hombre de familia<\/h2>\t\t\t\t<\/div>\n\t\t\t\t<\/div>\n\t\t\t\t<div class=\"elementor-element elementor-element-b328752 elementor-widget elementor-widget-text-editor\" data-id=\"b328752\" data-element_type=\"widget\" data-e-type=\"widget\" data-widget_type=\"text-editor.default\">\n\t\t\t\t<div class=\"elementor-widget-container\">\n\t\t\t\t\t\t\t\t\t<p>Pero <strong>Toni Ferrer<\/strong> no fue solo un empresario de \u00e9xito. Fue un <strong>visionario con los pies en la tierra<\/strong>. Supo que para crecer no bastaba con innovar: hab\u00eda que hacerlo desde la <strong>cercan\u00eda, el respeto y la autenticidad<\/strong>. Con el tiempo, su nombre se convirti\u00f3 en sin\u00f3nimo de <strong>confianza, creatividad y esfuerzo<\/strong>.<\/p><p>Junto a su esposa <strong>Coloma Amengual<\/strong>, con quien comparti\u00f3 m\u00e1s de <strong>55 a\u00f1os de vida y trabajo<\/strong>, construy\u00f3 una <strong>historia de amor y complicidad<\/strong> que se extendi\u00f3 tambi\u00e9n a los negocios. Ella, sin experiencia previa, se puso al frente de las cocinas de los locales familiares mientras \u00e9l so\u00f1aba con nuevos proyectos. Juntos levantaron <strong>cafeter\u00edas, restaurantes y espacios que se convirtieron en puntos de encuentro<\/strong> para locales y turistas por igual. Formaron un <strong>equipo inquebrantable<\/strong>, un ejemplo de c\u00f3mo el <strong>compromiso, la humildad y la pasi\u00f3n<\/strong> pueden transformar vidas.<\/p><p>Su <strong>familia<\/strong>, con <strong>cuatro hijos y ocho nietos<\/strong>, ha sido siempre su <strong>mayor orgullo<\/strong>. Toni supo transmitirles los valores que guiaron su vida: <strong>trabajar con honestidad, disfrutar del camino y valorar las ra\u00edces<\/strong>. <em>\u201cVive y deja vivir\u201d<\/em>, sol\u00eda repetir, convencido de que <strong>el \u00e9xito no vale nada si no se comparte<\/strong>.<\/p>\t\t\t\t\t\t\t\t<\/div>\n\t\t\t\t<\/div>\n\t\t\t\t\t<\/div>\n\t\t\t\t<\/div>\n\t\t<div class=\"elementor-element elementor-element-1f57361 e-flex e-con-boxed e-con e-parent\" data-id=\"1f57361\" data-element_type=\"container\" data-e-type=\"container\" data-settings=\"{&quot;background_background&quot;:&quot;classic&quot;}\">\n\t\t\t\t\t<div class=\"e-con-inner\">\n\t\t\t\t<div class=\"elementor-element elementor-element-8db81e9 elementor-widget elementor-widget-heading\" data-id=\"8db81e9\" data-element_type=\"widget\" data-e-type=\"widget\" data-widget_type=\"heading.default\">\n\t\t\t\t<div class=\"elementor-widget-container\">\n\t\t\t\t\t<h2 class=\"elementor-heading-title elementor-size-default\">De la tradici\u00f3n a la vanguardia<\/h2>\t\t\t\t<\/div>\n\t\t\t\t<\/div>\n\t\t\t\t<div class=\"elementor-element elementor-element-bd3e545 elementor-widget elementor-widget-text-editor\" data-id=\"bd3e545\" data-element_type=\"widget\" data-e-type=\"widget\" data-widget_type=\"text-editor.default\">\n\t\t\t\t<div class=\"elementor-widget-container\">\n\t\t\t\t\t\t\t\t\t<p>Su visi\u00f3n fue m\u00e1s all\u00e1 de la restauraci\u00f3n. Como <strong>Presidente de la Patronal de Restauraci\u00f3n de Baleares<\/strong>, impuls\u00f3 <strong>proyectos que fortalecieron el sector<\/strong> y promovieron la <strong>importancia del producto local<\/strong>. Fue tambi\u00e9n el <strong>creador de la Mostra de Cuina de Mallorca<\/strong>, una iniciativa que devolvi\u00f3 el protagonismo a los <strong>sabores y recetas tradicionales de la isla<\/strong>, cuando lo extranjero parec\u00eda dominar las cartas de los restaurantes.<\/p><p>En cada paso, <strong>Toni demostr\u00f3 que la innovaci\u00f3n no est\u00e1 re\u00f1ida con la tradici\u00f3n<\/strong>. Que <strong>modernizar no significa olvidar<\/strong>, sino <strong>honrar las ra\u00edces mientras se construye el futuro<\/strong>.<\/p><p>Su <strong>car\u00e1cter visionario<\/strong>, su <strong>capacidad para adelantarse a su tiempo<\/strong> y su <strong>actitud disruptiva<\/strong> lo convirtieron en una <strong>figura fundamental del turismo mallorqu\u00edn<\/strong>. Fue <strong>admirado y querido<\/strong> por todos los que lo conocieron: colegas, amigos, empleados y clientes que a\u00fan hoy recuerdan su <strong>simpat\u00eda, trato cercano e inagotable energ\u00eda<\/strong>.<\/p>\t\t\t\t\t\t\t\t<\/div>\n\t\t\t\t<\/div>\n\t\t\t\t\t<\/div>\n\t\t\t\t<\/div>\n\t\t<div class=\"elementor-element elementor-element-90678a7 e-flex e-con-boxed e-con e-parent\" data-id=\"90678a7\" data-element_type=\"container\" data-e-type=\"container\" data-settings=\"{&quot;background_background&quot;:&quot;classic&quot;}\">\n\t\t\t\t\t<div class=\"e-con-inner\">\n\t\t\t\t<div class=\"elementor-element elementor-element-461ead6 elementor-widget elementor-widget-heading\" data-id=\"461ead6\" data-element_type=\"widget\" data-e-type=\"widget\" data-widget_type=\"heading.default\">\n\t\t\t\t<div class=\"elementor-widget-container\">\n\t\t\t\t\t<h2 class=\"elementor-heading-title elementor-size-default\">Un legado que sigue vivo<\/h2>\t\t\t\t<\/div>\n\t\t\t\t<\/div>\n\t\t\t\t<div class=\"elementor-element elementor-element-52c66f0 elementor-widget elementor-widget-text-editor\" data-id=\"52c66f0\" data-element_type=\"widget\" data-e-type=\"widget\" data-widget_type=\"text-editor.default\">\n\t\t\t\t<div class=\"elementor-widget-container\">\n\t\t\t\t\t\t\t\t\t<p>Despu\u00e9s de d\u00e9cadas de <strong>trabajo incansable<\/strong>, lleg\u00f3 el momento de <strong>ceder el puesto<\/strong>. Con <strong>sabidur\u00eda y serenidad<\/strong>, <strong>Toni<\/strong> decidi\u00f3 dar un paso atr\u00e1s y dejar el negocio en manos de sus hijos: <strong>Coloma, Mar\u00eda, Juan Miguel y Mika<\/strong>, quienes crecieron entre <strong>cocinas, terrazas y salones<\/strong>, respirando desde ni\u00f1os el <strong>esp\u00edritu emprendedor de su padre<\/strong>.<\/p><p>Hoy son ellos quienes contin\u00faan su obra bajo el nombre de <strong>Enjoy Group Restaurants<\/strong>, llevando su <strong>filosof\u00eda a una nueva generaci\u00f3n<\/strong>: crear <strong>experiencias \u00fanicas<\/strong>, donde la <strong>gastronom\u00eda, el turismo y la hospitalidad<\/strong> se convierten en una forma de vida.<\/p><p>Toni siempre ha expresado su <strong>orgullo<\/strong> al ver c\u00f3mo sus hijos han <strong>superado sus logros<\/strong>, aplicando sus ense\u00f1anzas con <strong>creatividad y responsabilidad<\/strong>, llevando la familia y los negocios m\u00e1s all\u00e1 de lo que \u00e9l imagin\u00f3.<\/p><p><strong>Toni Ferrer sigue presente<\/strong> en cada detalle, en cada sonrisa del equipo, en cada proyecto que apuesta por <strong>Mallorca como tierra de innovaci\u00f3n, sabor y hospitalidad<\/strong>. Su historia es la de <strong>miles de personas que creen en la isla<\/strong>, que se levantan cada d\u00eda para dar lo mejor de s\u00ed mismas, que entienden que el \u00e9xito no est\u00e1 en tener m\u00e1s, sino en <strong>dejar huella<\/strong>.<\/p>\t\t\t\t\t\t\t\t<\/div>\n\t\t\t\t<\/div>\n\t\t\t\t\t<\/div>\n\t\t\t\t<\/div>\n\t\t<div class=\"elementor-element elementor-element-8646682 e-flex e-con-boxed e-con e-parent\" data-id=\"8646682\" data-element_type=\"container\" data-e-type=\"container\" data-settings=\"{&quot;background_background&quot;:&quot;classic&quot;}\">\n\t\t\t\t\t<div class=\"e-con-inner\">\n\t\t<div class=\"elementor-element elementor-element-16ad147 e-con-full e-flex e-con e-child\" data-id=\"16ad147\" data-element_type=\"container\" data-e-type=\"container\" data-settings=\"{&quot;background_background&quot;:&quot;classic&quot;}\">\n\t\t\t\t<div class=\"elementor-element elementor-element-03dc45e elementor-widget elementor-widget-image\" data-id=\"03dc45e\" data-element_type=\"widget\" data-e-type=\"widget\" data-widget_type=\"image.default\">\n\t\t\t\t<div class=\"elementor-widget-container\">\n\t\t\t\t\t\t\t\t\t\t\t\t\t\t\t<img fetchpriority=\"high\" decoding=\"async\" width=\"946\" height=\"674\" src=\"https:\/\/enjoygroup.es\/wp-content\/uploads\/TONI-FERRER-5.webp\" class=\"attachment-large size-large wp-image-46675\" alt=\"\" srcset=\"https:\/\/enjoygroup.es\/wp-content\/uploads\/TONI-FERRER-5.webp 946w, https:\/\/enjoygroup.es\/wp-content\/uploads\/TONI-FERRER-5-550x392.webp 550w, https:\/\/enjoygroup.es\/wp-content\/uploads\/TONI-FERRER-5-768x547.webp 768w, https:\/\/enjoygroup.es\/wp-content\/uploads\/TONI-FERRER-5-18x12.webp 18w\" sizes=\"(max-width: 946px) 100vw, 946px\" \/>\t\t\t\t\t\t\t\t\t\t\t\t\t\t\t<\/div>\n\t\t\t\t<\/div>\n\t\t\t\t<div class=\"elementor-element elementor-element-9e4e0b7 elementor-widget elementor-widget-image\" data-id=\"9e4e0b7\" data-element_type=\"widget\" data-e-type=\"widget\" data-widget_type=\"image.default\">\n\t\t\t\t<div class=\"elementor-widget-container\">\n\t\t\t\t\t\t\t\t\t\t\t\t\t\t\t<img decoding=\"async\" width=\"721\" height=\"477\" src=\"https:\/\/enjoygroup.es\/wp-content\/uploads\/TONI-FERRER-4.webp\" class=\"attachment-large size-large wp-image-46674\" alt=\"\" srcset=\"https:\/\/enjoygroup.es\/wp-content\/uploads\/TONI-FERRER-4.webp 721w, https:\/\/enjoygroup.es\/wp-content\/uploads\/TONI-FERRER-4-550x364.webp 550w, https:\/\/enjoygroup.es\/wp-content\/uploads\/TONI-FERRER-4-18x12.webp 18w\" sizes=\"(max-width: 721px) 100vw, 721px\" \/>\t\t\t\t\t\t\t\t\t\t\t\t\t\t\t<\/div>\n\t\t\t\t<\/div>\n\t\t\t\t<\/div>\n\t\t<div class=\"elementor-element elementor-element-db4d086 e-con-full e-flex e-con e-child\" data-id=\"db4d086\" data-element_type=\"container\" data-e-type=\"container\" data-settings=\"{&quot;background_background&quot;:&quot;classic&quot;}\">\n\t\t\t\t<div class=\"elementor-element elementor-element-9dd73d9 elementor-widget elementor-widget-image\" data-id=\"9dd73d9\" data-element_type=\"widget\" data-e-type=\"widget\" data-widget_type=\"image.default\">\n\t\t\t\t<div class=\"elementor-widget-container\">\n\t\t\t\t\t\t\t\t\t\t\t\t\t\t\t<img decoding=\"async\" width=\"514\" height=\"686\" src=\"https:\/\/enjoygroup.es\/wp-content\/uploads\/TONI-FERRER-2.webp\" class=\"attachment-large size-large wp-image-46672\" alt=\"\" srcset=\"https:\/\/enjoygroup.es\/wp-content\/uploads\/TONI-FERRER-2.webp 514w, https:\/\/enjoygroup.es\/wp-content\/uploads\/TONI-FERRER-2-412x550.webp 412w, https:\/\/enjoygroup.es\/wp-content\/uploads\/TONI-FERRER-2-9x12.webp 9w\" sizes=\"(max-width: 514px) 100vw, 514px\" \/>\t\t\t\t\t\t\t\t\t\t\t\t\t\t\t<\/div>\n\t\t\t\t<\/div>\n\t\t\t\t<\/div>\n\t\t\t\t\t<\/div>\n\t\t\t\t<\/div>\n\t\t<div class=\"elementor-element elementor-element-a30bba1 e-flex e-con-boxed e-con e-parent\" data-id=\"a30bba1\" data-element_type=\"container\" data-e-type=\"container\" data-settings=\"{&quot;background_background&quot;:&quot;classic&quot;}\">\n\t\t\t\t\t<div class=\"e-con-inner\">\n\t\t\t\t<div class=\"elementor-element elementor-element-1d97fb6 elementor-widget elementor-widget-text-editor\" data-id=\"1d97fb6\" data-element_type=\"widget\" data-e-type=\"widget\" data-widget_type=\"text-editor.default\">\n\t\t\t\t<div class=\"elementor-widget-container\">\n\t\t\t\t\t\t\t\t\t<p><em>\u201cSi volvi\u00e9ramos a nacer, har\u00edamos exactamente lo mismo.<br \/><\/em><em>Porque hemos hecho lo que hemos querido, y eso nos hace felices.\u201d <br \/>\u2014 <strong>Toni Ferrer y Coloma Amengual<\/strong><\/em><\/p>\t\t\t\t\t\t\t\t<\/div>\n\t\t\t\t<\/div>\n\t\t\t\t\t<\/div>\n\t\t\t\t<\/div>\n\t\t<div class=\"elementor-element elementor-element-18a07b7 e-flex e-con-boxed e-con e-parent\" data-id=\"18a07b7\" data-element_type=\"container\" data-e-type=\"container\">\n\t\t\t\t\t<div class=\"e-con-inner\">\n\t\t\t\t<div class=\"elementor-element elementor-element-7a39625 elementor-widget elementor-widget-heading\" data-id=\"7a39625\" data-element_type=\"widget\" data-e-type=\"widget\" data-widget_type=\"heading.default\">\n\t\t\t\t<div class=\"elementor-widget-container\">\n\t\t\t\t\t<h2 class=\"elementor-heading-title elementor-size-default\">NOTICIAS RELACIONADAS<\/h2>\t\t\t\t<\/div>\n\t\t\t\t<\/div>\n\t\t<div class=\"elementor-element elementor-element-035aec0 e-con-full e-flex e-con e-child\" data-id=\"035aec0\" data-element_type=\"container\" data-e-type=\"container\" data-settings=\"{&quot;background_background&quot;:&quot;classic&quot;}\">\n\t\t\t\t<div class=\"elementor-element elementor-element-780dea1 elementor-widget elementor-widget-image\" data-id=\"780dea1\" data-element_type=\"widget\" data-e-type=\"widget\" data-widget_type=\"image.default\">\n\t\t\t\t<div class=\"elementor-widget-container\">\n\t\t\t\t\t\t\t\t\t\t\t\t\t\t\t\t<a href=\"https:\/\/www.ultimahora.es\/noticias\/sociedad\/2026\/02\/10\/2567735\/horeca-homenaje-gastronomia.html?utm_source=Whatsapp&#038;utm_medium=social&#038;utm_campaign=share\" target=\"_blank\">\n\t\t\t\t\t\t\t<img loading=\"lazy\" decoding=\"async\" width=\"1200\" height=\"801\" src=\"https:\/\/enjoygroup.es\/wp-content\/uploads\/3669419.webp\" class=\"attachment-large size-large wp-image-47628\" alt=\"\" srcset=\"https:\/\/enjoygroup.es\/wp-content\/uploads\/3669419.webp 1600w, https:\/\/enjoygroup.es\/wp-content\/uploads\/3669419-550x367.webp 550w, https:\/\/enjoygroup.es\/wp-content\/uploads\/3669419-768x513.webp 768w, https:\/\/enjoygroup.es\/wp-content\/uploads\/3669419-1536x1025.webp 1536w, https:\/\/enjoygroup.es\/wp-content\/uploads\/3669419-18x12.webp 18w\" sizes=\"(max-width: 1200px) 100vw, 1200px\" \/>\t\t\t\t\t\t\t\t<\/a>\n\t\t\t\t\t\t\t\t\t\t\t\t\t\t\t<\/div>\n\t\t\t\t<\/div>\n\t\t\t\t<div class=\"elementor-element elementor-element-5b9f941 elementor-align-justify elementor-widget elementor-widget-button\" data-id=\"5b9f941\" data-element_type=\"widget\" data-e-type=\"widget\" data-widget_type=\"button.default\">\n\t\t\t\t<div class=\"elementor-widget-container\">\n\t\t\t\t\t\t\t\t\t<div class=\"elementor-button-wrapper\">\n\t\t\t\t\t<a class=\"elementor-button elementor-button-link elementor-size-sm\" href=\"https:\/\/www.ultimahora.es\/noticias\/sociedad\/2026\/02\/10\/2567735\/horeca-homenaje-gastronomia.html?utm_source=Whatsapp&#038;utm_medium=social&#038;utm_campaign=share\" target=\"_blank\">\n\t\t\t\t\t\t<span class=\"elementor-button-content-wrapper\">\n\t\t\t\t\t\t\t\t\t<span class=\"elementor-button-text\">Horeca - homenaje a la gastronom\u00eda <\/span>\n\t\t\t\t\t<\/span>\n\t\t\t\t\t<\/a>\n\t\t\t\t<\/div>\n\t\t\t\t\t\t\t\t<\/div>\n\t\t\t\t<\/div>\n\t\t\t\t<\/div>\n\t\t\t\t\t<\/div>\n\t\t\t\t<\/div>\n\t\t<div class=\"elementor-element elementor-element-361ec8b e-flex e-con-boxed e-con e-parent\" data-id=\"361ec8b\" data-element_type=\"container\" data-e-type=\"container\">\n\t\t\t\t\t<div class=\"e-con-inner\">\n\t\t\t\t<div class=\"elementor-element elementor-element-81b8101 elementor-widget elementor-widget-button\" data-id=\"81b8101\" data-element_type=\"widget\" data-e-type=\"widget\" data-widget_type=\"button.default\">\n\t\t\t\t<div class=\"elementor-widget-container\">\n\t\t\t\t\t\t\t\t\t<div class=\"elementor-button-wrapper\">\n\t\t\t\t\t<a class=\"elementor-button elementor-button-link elementor-size-sm\" href=\"#\">\n\t\t\t\t\t\t<span class=\"elementor-button-content-wrapper\">\n\t\t\t\t\t\t<span class=\"elementor-button-icon\">\n\t\t\t\t<svg aria-hidden=\"true\" class=\"e-font-icon-svg e-fas-arrow-left\" viewbox=\"0 0 448 512\" xmlns=\"http:\/\/www.w3.org\/2000\/svg\"><path d=\"M257.5 445.1l-22.2 22.2c-9.4 9.4-24.6 9.4-33.9 0L7 273c-9.4-9.4-9.4-24.6 0-33.9L201.4 44.7c9.4-9.4 24.6-9.4 33.9 0l22.2 22.2c9.5 9.5 9.3 25-.4 34.3L136.6 216H424c13.3 0 24 10.7 24 24v32c0 13.3-10.7 24-24 24H136.6l120.5 114.8c9.8 9.3 10 24.8.4 34.3z\"><\/path><\/svg>\t\t\t<\/span>\n\t\t\t\t\t\t\t\t\t<span class=\"elementor-button-text\">Volver a Enjoy Group<\/span>\n\t\t\t\t\t<\/span>\n\t\t\t\t\t<\/a>\n\t\t\t\t<\/div>\n\t\t\t\t\t\t\t\t<\/div>\n\t\t\t\t<\/div>\n\t\t\t\t\t<\/div>\n\t\t\t\t<\/div>\n\t\t\t\t<\/div>","protected":false},"excerpt":{"rendered":"<p>Volver a Enjoy Group El legado de Toni Ferrer El hombre que cambi\u00f3 para siempre la forma de vivir Mallorca Desde sus primeros trabajos en restaurantes de Palma hasta convertirse en un pionero de la hosteler\u00eda y el turismo en Mallorca, Toni Ferrer dej\u00f3 una huella imborrable. Fundador de La Luna y del emblem\u00e1tico Kopi, &#8230; <a title=\"El Fundador\" class=\"read-more\" href=\"https:\/\/enjoygroup.es\/de\/elfundador\/\" aria-label=\"Mehr Informationen \u00fcber El Fundador\">Weiterlesen<\/a><\/p>","protected":false},"author":2,"featured_media":46672,"parent":0,"menu_order":0,"comment_status":"closed","ping_status":"closed","template":"elementor_canvas","meta":{"inline_featured_image":false,"footnotes":""},"class_list":["post-46665","page","type-page","status-publish","has-post-thumbnail"],"yoast_head":"<!-- This site is optimized with the Yoast SEO plugin v27.5 - https:\/\/yoast.com\/product\/yoast-seo-wordpress\/ -->\n<title>El Fundador<\/title>\n<meta name=\"description\" content=\"Desde sus primeros trabajos en restaurantes de Palma hasta convertirse en un pionero de la hosteler\u00eda y el turismo en Mallorca, Toni Ferrer dej\u00f3 una huella imborrable. Fundador de La Luna y del emblem\u00e1tico Kopi, llev\u00f3 innovaci\u00f3n y tradici\u00f3n a cada proyecto, creando espacios donde locales y turistas compart\u00edan experiencias \u00fanicas.\" \/>\n<meta name=\"robots\" content=\"index, follow, max-snippet:-1, max-image-preview:large, max-video-preview:-1\" \/>\n<link rel=\"canonical\" href=\"https:\/\/enjoygroup.es\/de\/elfundador\/\" \/>\n<meta property=\"og:locale\" content=\"de_DE\" \/>\n<meta property=\"og:type\" content=\"article\" \/>\n<meta property=\"og:title\" content=\"El Fundador\" \/>\n<meta property=\"og:description\" content=\"Desde sus primeros trabajos en restaurantes de Palma hasta convertirse en un pionero de la hosteler\u00eda y el turismo en Mallorca, Toni Ferrer dej\u00f3 una huella imborrable. Fundador de La Luna y del emblem\u00e1tico Kopi, llev\u00f3 innovaci\u00f3n y tradici\u00f3n a cada proyecto, creando espacios donde locales y turistas compart\u00edan experiencias \u00fanicas.\" \/>\n<meta property=\"og:url\" content=\"https:\/\/enjoygroup.es\/de\/elfundador\/\" \/>\n<meta property=\"og:site_name\" content=\"Enjoy Group\" \/>\n<meta property=\"article:publisher\" content=\"https:\/\/www.facebook.com\/enjoypalmademallorca\/\" \/>\n<meta property=\"article:modified_time\" content=\"2026-02-12T12:58:27+00:00\" \/>\n<meta property=\"og:image\" content=\"https:\/\/enjoygroup.es\/wp-content\/uploads\/TONI-FERRER-2.webp\" \/>\n\t<meta property=\"og:image:width\" content=\"514\" \/>\n\t<meta property=\"og:image:height\" content=\"686\" \/>\n\t<meta property=\"og:image:type\" content=\"image\/webp\" \/>\n<meta name=\"twitter:card\" content=\"summary_large_image\" \/>\n<meta name=\"twitter:label1\" content=\"Gesch\u00e4tzte Lesezeit\" \/>\n\t<meta name=\"twitter:data1\" content=\"6\u00a0Minuten\" \/>\n<script type=\"application\/ld+json\" class=\"yoast-schema-graph\">{\"@context\":\"https:\\\/\\\/schema.org\",\"@graph\":[{\"@type\":\"WebPage\",\"@id\":\"https:\\\/\\\/enjoygroup.es\\\/elfundador\\\/\",\"url\":\"https:\\\/\\\/enjoygroup.es\\\/elfundador\\\/\",\"name\":\"El Fundador\",\"isPartOf\":{\"@id\":\"https:\\\/\\\/enjoygroup.es\\\/#website\"},\"primaryImageOfPage\":{\"@id\":\"https:\\\/\\\/enjoygroup.es\\\/elfundador\\\/#primaryimage\"},\"image\":{\"@id\":\"https:\\\/\\\/enjoygroup.es\\\/elfundador\\\/#primaryimage\"},\"thumbnailUrl\":\"https:\\\/\\\/enjoygroup.es\\\/wp-content\\\/uploads\\\/TONI-FERRER-2.webp\",\"datePublished\":\"2025-11-12T14:09:54+00:00\",\"dateModified\":\"2026-02-12T12:58:27+00:00\",\"description\":\"Desde sus primeros trabajos en restaurantes de Palma hasta convertirse en un pionero de la hosteler\u00eda y el turismo en Mallorca, Toni Ferrer dej\u00f3 una huella imborrable. Fundador de La Luna y del emblem\u00e1tico Kopi, llev\u00f3 innovaci\u00f3n y tradici\u00f3n a cada proyecto, creando espacios donde locales y turistas compart\u00edan experiencias \u00fanicas.\",\"breadcrumb\":{\"@id\":\"https:\\\/\\\/enjoygroup.es\\\/elfundador\\\/#breadcrumb\"},\"inLanguage\":\"de\",\"potentialAction\":[{\"@type\":\"ReadAction\",\"target\":[\"https:\\\/\\\/enjoygroup.es\\\/elfundador\\\/\"]}]},{\"@type\":\"ImageObject\",\"inLanguage\":\"de\",\"@id\":\"https:\\\/\\\/enjoygroup.es\\\/elfundador\\\/#primaryimage\",\"url\":\"https:\\\/\\\/enjoygroup.es\\\/wp-content\\\/uploads\\\/TONI-FERRER-2.webp\",\"contentUrl\":\"https:\\\/\\\/enjoygroup.es\\\/wp-content\\\/uploads\\\/TONI-FERRER-2.webp\",\"width\":514,\"height\":686},{\"@type\":\"BreadcrumbList\",\"@id\":\"https:\\\/\\\/enjoygroup.es\\\/elfundador\\\/#breadcrumb\",\"itemListElement\":[{\"@type\":\"ListItem\",\"position\":1,\"name\":\"Portada\",\"item\":\"https:\\\/\\\/enjoygroup.es\\\/\"},{\"@type\":\"ListItem\",\"position\":2,\"name\":\"El Fundador\"}]},{\"@type\":\"WebSite\",\"@id\":\"https:\\\/\\\/enjoygroup.es\\\/#website\",\"url\":\"https:\\\/\\\/enjoygroup.es\\\/\",\"name\":\"Enjoy Group\",\"description\":\"Restaurants and More\",\"publisher\":{\"@id\":\"https:\\\/\\\/enjoygroup.es\\\/#organization\"},\"potentialAction\":[{\"@type\":\"SearchAction\",\"target\":{\"@type\":\"EntryPoint\",\"urlTemplate\":\"https:\\\/\\\/enjoygroup.es\\\/?s={search_term_string}\"},\"query-input\":{\"@type\":\"PropertyValueSpecification\",\"valueRequired\":true,\"valueName\":\"search_term_string\"}}],\"inLanguage\":\"de\"},{\"@type\":\"Organization\",\"@id\":\"https:\\\/\\\/enjoygroup.es\\\/#organization\",\"name\":\"Enjoy Group\",\"url\":\"https:\\\/\\\/enjoygroup.es\\\/\",\"logo\":{\"@type\":\"ImageObject\",\"inLanguage\":\"de\",\"@id\":\"https:\\\/\\\/enjoygroup.es\\\/#\\\/schema\\\/logo\\\/image\\\/\",\"url\":\"https:\\\/\\\/enjoygroup.es\\\/wp-content\\\/uploads\\\/2020\\\/08\\\/cropped-e-Favicon.png\",\"contentUrl\":\"https:\\\/\\\/enjoygroup.es\\\/wp-content\\\/uploads\\\/2020\\\/08\\\/cropped-e-Favicon.png\",\"width\":512,\"height\":512,\"caption\":\"Enjoy Group\"},\"image\":{\"@id\":\"https:\\\/\\\/enjoygroup.es\\\/#\\\/schema\\\/logo\\\/image\\\/\"},\"sameAs\":[\"https:\\\/\\\/www.facebook.com\\\/enjoypalmademallorca\\\/\",\"https:\\\/\\\/www.instagram.com\\\/enjoygroupmallorca\",\"https:\\\/\\\/www.linkedin.com\\\/in\\\/enjoy-group-86b04a197\\\/\",\"https:\\\/\\\/www.youtube.com\\\/channel\\\/UCiCgpzIEnF8RtMzzda2KNWg\\\/?guided_help_flow=5\"]}]}<\/script>\n<!-- \/ Yoast SEO plugin. -->","yoast_head_json":{"title":"El Fundador","description":"Desde sus primeros trabajos en restaurantes de Palma hasta convertirse en un pionero de la hosteler\u00eda y el turismo en Mallorca, Toni Ferrer dej\u00f3 una huella imborrable. Fundador de La Luna y del emblem\u00e1tico Kopi, llev\u00f3 innovaci\u00f3n y tradici\u00f3n a cada proyecto, creando espacios donde locales y turistas compart\u00edan experiencias \u00fanicas.","robots":{"index":"index","follow":"follow","max-snippet":"max-snippet:-1","max-image-preview":"max-image-preview:large","max-video-preview":"max-video-preview:-1"},"canonical":"https:\/\/enjoygroup.es\/de\/elfundador\/","og_locale":"de_DE","og_type":"article","og_title":"El Fundador","og_description":"Desde sus primeros trabajos en restaurantes de Palma hasta convertirse en un pionero de la hosteler\u00eda y el turismo en Mallorca, Toni Ferrer dej\u00f3 una huella imborrable. Fundador de La Luna y del emblem\u00e1tico Kopi, llev\u00f3 innovaci\u00f3n y tradici\u00f3n a cada proyecto, creando espacios donde locales y turistas compart\u00edan experiencias \u00fanicas.","og_url":"https:\/\/enjoygroup.es\/de\/elfundador\/","og_site_name":"Enjoy Group","article_publisher":"https:\/\/www.facebook.com\/enjoypalmademallorca\/","article_modified_time":"2026-02-12T12:58:27+00:00","og_image":[{"width":514,"height":686,"url":"https:\/\/enjoygroup.es\/wp-content\/uploads\/TONI-FERRER-2.webp","type":"image\/webp"}],"twitter_card":"summary_large_image","twitter_misc":{"Gesch\u00e4tzte Lesezeit":"6\u00a0Minuten"},"schema":{"@context":"https:\/\/schema.org","@graph":[{"@type":"WebPage","@id":"https:\/\/enjoygroup.es\/elfundador\/","url":"https:\/\/enjoygroup.es\/elfundador\/","name":"El Fundador","isPartOf":{"@id":"https:\/\/enjoygroup.es\/#website"},"primaryImageOfPage":{"@id":"https:\/\/enjoygroup.es\/elfundador\/#primaryimage"},"image":{"@id":"https:\/\/enjoygroup.es\/elfundador\/#primaryimage"},"thumbnailUrl":"https:\/\/enjoygroup.es\/wp-content\/uploads\/TONI-FERRER-2.webp","datePublished":"2025-11-12T14:09:54+00:00","dateModified":"2026-02-12T12:58:27+00:00","description":"Desde sus primeros trabajos en restaurantes de Palma hasta convertirse en un pionero de la hosteler\u00eda y el turismo en Mallorca, Toni Ferrer dej\u00f3 una huella imborrable. Fundador de La Luna y del emblem\u00e1tico Kopi, llev\u00f3 innovaci\u00f3n y tradici\u00f3n a cada proyecto, creando espacios donde locales y turistas compart\u00edan experiencias \u00fanicas.","breadcrumb":{"@id":"https:\/\/enjoygroup.es\/elfundador\/#breadcrumb"},"inLanguage":"de","potentialAction":[{"@type":"ReadAction","target":["https:\/\/enjoygroup.es\/elfundador\/"]}]},{"@type":"ImageObject","inLanguage":"de","@id":"https:\/\/enjoygroup.es\/elfundador\/#primaryimage","url":"https:\/\/enjoygroup.es\/wp-content\/uploads\/TONI-FERRER-2.webp","contentUrl":"https:\/\/enjoygroup.es\/wp-content\/uploads\/TONI-FERRER-2.webp","width":514,"height":686},{"@type":"BreadcrumbList","@id":"https:\/\/enjoygroup.es\/elfundador\/#breadcrumb","itemListElement":[{"@type":"ListItem","position":1,"name":"Portada","item":"https:\/\/enjoygroup.es\/"},{"@type":"ListItem","position":2,"name":"El Fundador"}]},{"@type":"WebSite","@id":"https:\/\/enjoygroup.es\/#website","url":"https:\/\/enjoygroup.es\/","name":"Gruppe genie\u00dfen","description":"Restaurants und mehr","publisher":{"@id":"https:\/\/enjoygroup.es\/#organization"},"potentialAction":[{"@type":"SearchAction","target":{"@type":"EntryPoint","urlTemplate":"https:\/\/enjoygroup.es\/?s={search_term_string}"},"query-input":{"@type":"PropertyValueSpecification","valueRequired":true,"valueName":"search_term_string"}}],"inLanguage":"de"},{"@type":"Organization","@id":"https:\/\/enjoygroup.es\/#organization","name":"Gruppe genie\u00dfen","url":"https:\/\/enjoygroup.es\/","logo":{"@type":"ImageObject","inLanguage":"de","@id":"https:\/\/enjoygroup.es\/#\/schema\/logo\/image\/","url":"https:\/\/enjoygroup.es\/wp-content\/uploads\/2020\/08\/cropped-e-Favicon.png","contentUrl":"https:\/\/enjoygroup.es\/wp-content\/uploads\/2020\/08\/cropped-e-Favicon.png","width":512,"height":512,"caption":"Enjoy Group"},"image":{"@id":"https:\/\/enjoygroup.es\/#\/schema\/logo\/image\/"},"sameAs":["https:\/\/www.facebook.com\/enjoypalmademallorca\/","https:\/\/www.instagram.com\/enjoygroupmallorca","https:\/\/www.linkedin.com\/in\/enjoy-group-86b04a197\/","https:\/\/www.youtube.com\/channel\/UCiCgpzIEnF8RtMzzda2KNWg\/?guided_help_flow=5"]}]}},"_links":{"self":[{"href":"https:\/\/enjoygroup.es\/de\/wp-json\/wp\/v2\/pages\/46665","targetHints":{"allow":["GET"]}}],"collection":[{"href":"https:\/\/enjoygroup.es\/de\/wp-json\/wp\/v2\/pages"}],"about":[{"href":"https:\/\/enjoygroup.es\/de\/wp-json\/wp\/v2\/types\/page"}],"author":[{"embeddable":true,"href":"https:\/\/enjoygroup.es\/de\/wp-json\/wp\/v2\/users\/2"}],"replies":[{"embeddable":true,"href":"https:\/\/enjoygroup.es\/de\/wp-json\/wp\/v2\/comments?post=46665"}],"version-history":[{"count":0,"href":"https:\/\/enjoygroup.es\/de\/wp-json\/wp\/v2\/pages\/46665\/revisions"}],"wp:featuredmedia":[{"embeddable":true,"href":"https:\/\/enjoygroup.es\/de\/wp-json\/wp\/v2\/media\/46672"}],"wp:attachment":[{"href":"https:\/\/enjoygroup.es\/de\/wp-json\/wp\/v2\/media?parent=46665"}],"curies":[{"name":"wp","href":"https:\/\/api.w.org\/{rel}","templated":true}]}}